{"id":801,"date":"2024-01-18T10:30:15","date_gmt":"2024-01-18T08:30:15","guid":{"rendered":"https:\/\/www.carbonfarmhub.eu\/noticias\/"},"modified":"2025-05-29T11:42:37","modified_gmt":"2025-05-29T09:42:37","slug":"noticias","status":"publish","type":"page","link":"https:\/\/www.carbonfarmhub.eu\/pt-pt\/noticias\/","title":{"rendered":"Not\u00edcias"},"content":{"rendered":"\n<div data-wp-context=\"{}\" data-wp-interactive=\"core\/query\" data-wp-key=\"11\" data-wp-router-region=\"query-11\" class=\"wp-block-query is-layout-flow wp-block-query-is-layout-flow\"><ul class=\"columns-3 wp-block-post-template is-layout-grid wp-container-core-post-template-is-layout-6d3fbd8f wp-block-post-template-is-layout-grid\"><li data-wp-key=\"post-template-item-1598\" class=\"wp-block-post post-1598 post type-post status-publish format-standard has-post-thumbnail hentry category-sem-categoria\">\n\n<div class=\"wp-block-group is-layout-flow wp-block-group-is-layout-flow\" style=\"padding-top:30px;padding-right:30px;padding-bottom:30px;padding-left:30px\"><h2 class=\"has-text-align-center wp-block-post-title\"><a href=\"https:\/\/www.carbonfarmhub.eu\/pt-pt\/1o-comunicado-de-imprensa-4\/\" target=\"_self\" >1\u00ba Comunicado de Imprensa<\/a><\/h2>\n\n<figure class=\"aligncenter wp-block-post-featured-image\"><img fetchpriority=\"high\" decoding=\"async\" width=\"1920\" height=\"2560\" src=\"https:\/\/www.carbonfarmhub.eu\/wp-content\/uploads\/2025\/11\/IMG_8225-scaled.jpg\" class=\"attachment-post-thumbnail size-post-thumbnail wp-post-image\" alt=\"\" style=\"object-fit:cover;\" srcset=\"https:\/\/www.carbonfarmhub.eu\/wp-content\/uploads\/2025\/11\/IMG_8225-scaled.jpg 1920w, https:\/\/www.carbonfarmhub.eu\/wp-content\/uploads\/2025\/11\/IMG_8225-225x300.jpg 225w, https:\/\/www.carbonfarmhub.eu\/wp-content\/uploads\/2025\/11\/IMG_8225-768x1024.jpg 768w, https:\/\/www.carbonfarmhub.eu\/wp-content\/uploads\/2025\/11\/IMG_8225-1152x1536.jpg 1152w, https:\/\/www.carbonfarmhub.eu\/wp-content\/uploads\/2025\/11\/IMG_8225-1536x2048.jpg 1536w\" sizes=\"(max-width: 1920px) 100vw, 1920px\" \/><\/figure>\n\n<div class=\"has-text-align-center wp-block-post-excerpt\"><p class=\"wp-block-post-excerpt__excerpt\">COMUNICADO DE IMPRENSA Fevereiro 2024 CarboFarmHub, um projeto Erasmus+ que promove redes de conhecimento internacionais As altera\u00e7\u00f5es clim\u00e1ticas s\u00e3o um problema global que representa um risco significativo para o ambiente e para todas as formas&hellip;<\/p><p class=\"wp-block-post-excerpt__more-text\"><a class=\"wp-block-post-excerpt__more-link\" href=\"https:\/\/www.carbonfarmhub.eu\/pt-pt\/1o-comunicado-de-imprensa-4\/\">Ler mais&#8230;<\/a><\/p><\/div>\n\n<div style=\"font-style:italic;font-weight:300;\" class=\"has-text-align-center wp-block-post-date\"><time datetime=\"2025-11-18T12:02:54+02:00\">18 Novembro 2025<\/time><\/div><\/div>\n\n<\/li><li data-wp-key=\"post-template-item-1577\" class=\"wp-block-post post-1577 post type-post status-publish format-standard has-post-thumbnail hentry category-sem-categoria\">\n\n<div class=\"wp-block-group is-layout-flow wp-block-group-is-layout-flow\" style=\"padding-top:30px;padding-right:30px;padding-bottom:30px;padding-left:30px\"><h2 class=\"has-text-align-center wp-block-post-title\"><a href=\"https:\/\/www.carbonfarmhub.eu\/pt-pt\/1o-comunicado-de-imprensa-3\/\" target=\"_self\" >1\u00ba Comunicado de Imprensa<\/a><\/h2>\n\n<figure class=\"aligncenter wp-block-post-featured-image\"><img decoding=\"async\" width=\"1600\" height=\"1200\" src=\"https:\/\/www.carbonfarmhub.eu\/wp-content\/uploads\/2025\/05\/0eed9836-554c-413f-b04f-feeab15964e2.jpg\" class=\"attachment-post-thumbnail size-post-thumbnail wp-post-image\" alt=\"\" style=\"object-fit:cover;\" srcset=\"https:\/\/www.carbonfarmhub.eu\/wp-content\/uploads\/2025\/05\/0eed9836-554c-413f-b04f-feeab15964e2.jpg 1600w, https:\/\/www.carbonfarmhub.eu\/wp-content\/uploads\/2025\/05\/0eed9836-554c-413f-b04f-feeab15964e2-300x225.jpg 300w, https:\/\/www.carbonfarmhub.eu\/wp-content\/uploads\/2025\/05\/0eed9836-554c-413f-b04f-feeab15964e2-1024x768.jpg 1024w, https:\/\/www.carbonfarmhub.eu\/wp-content\/uploads\/2025\/05\/0eed9836-554c-413f-b04f-feeab15964e2-768x576.jpg 768w, https:\/\/www.carbonfarmhub.eu\/wp-content\/uploads\/2025\/05\/0eed9836-554c-413f-b04f-feeab15964e2-1536x1152.jpg 1536w\" sizes=\"(max-width: 1600px) 100vw, 1600px\" \/><\/figure>\n\n<div class=\"has-text-align-center wp-block-post-excerpt\"><p class=\"wp-block-post-excerpt__excerpt\">COMUNICADO DE IMPRENSA Fevereiro 2024 CarboFarmHub, um projeto Erasmus+ que promove redes de conhecimento internacionais As altera\u00e7\u00f5es clim\u00e1ticas s\u00e3o um problema global que representa um risco significativo para o ambiente e para todas as formas&hellip;<\/p><p class=\"wp-block-post-excerpt__more-text\"><a class=\"wp-block-post-excerpt__more-link\" href=\"https:\/\/www.carbonfarmhub.eu\/pt-pt\/1o-comunicado-de-imprensa-3\/\">Ler mais&#8230;<\/a><\/p><\/div>\n\n<div style=\"font-style:italic;font-weight:300;\" class=\"has-text-align-center wp-block-post-date\"><time datetime=\"2025-05-25T11:55:02+02:00\">25 Maio 2025<\/time><\/div><\/div>\n\n<\/li><li data-wp-key=\"post-template-item-815\" class=\"wp-block-post post-815 post type-post status-publish format-standard has-post-thumbnail hentry category-sem-categoria\">\n\n<div class=\"wp-block-group is-layout-flow wp-block-group-is-layout-flow\" style=\"padding-top:30px;padding-right:30px;padding-bottom:30px;padding-left:30px\"><h2 class=\"has-text-align-center wp-block-post-title\"><a href=\"https:\/\/www.carbonfarmhub.eu\/pt-pt\/feliz-dia-internacional-da-mulher-rural-2\/\" target=\"_self\" >Feliz Dia Internacional da Mulher Rural!<\/a><\/h2>\n\n<figure class=\"aligncenter wp-block-post-featured-image\"><img decoding=\"async\" width=\"1800\" height=\"1286\" src=\"https:\/\/www.carbonfarmhub.eu\/wp-content\/uploads\/2024\/11\/OrganicClimateNET-image-banner.jpg\" class=\"attachment-post-thumbnail size-post-thumbnail wp-post-image\" alt=\"\" style=\"object-fit:cover;\" srcset=\"https:\/\/www.carbonfarmhub.eu\/wp-content\/uploads\/2024\/11\/OrganicClimateNET-image-banner.jpg 1800w, https:\/\/www.carbonfarmhub.eu\/wp-content\/uploads\/2024\/11\/OrganicClimateNET-image-banner-300x214.jpg 300w, https:\/\/www.carbonfarmhub.eu\/wp-content\/uploads\/2024\/11\/OrganicClimateNET-image-banner-1024x732.jpg 1024w, https:\/\/www.carbonfarmhub.eu\/wp-content\/uploads\/2024\/11\/OrganicClimateNET-image-banner-768x549.jpg 768w, https:\/\/www.carbonfarmhub.eu\/wp-content\/uploads\/2024\/11\/OrganicClimateNET-image-banner-1536x1097.jpg 1536w\" sizes=\"(max-width: 1800px) 100vw, 1800px\" \/><\/figure>\n\n<div class=\"has-text-align-center wp-block-post-excerpt\"><p class=\"wp-block-post-excerpt__excerpt\">Feliz Dia Internacional da Mulher Rural! Hoje, celebramos os contributos das mulheres das zonas rurais, que s\u00e3o a espinha dorsal das comunidades agr\u00edcolas e os principais motores do desenvolvimento sustent\u00e1vel. Desde a gest\u00e3o das explora\u00e7\u00f5es&hellip;<\/p><p class=\"wp-block-post-excerpt__more-text\"><a class=\"wp-block-post-excerpt__more-link\" href=\"https:\/\/www.carbonfarmhub.eu\/pt-pt\/feliz-dia-internacional-da-mulher-rural-2\/\">Ler mais&#8230;<\/a><\/p><\/div>\n\n<div style=\"font-style:italic;font-weight:300;\" class=\"has-text-align-center wp-block-post-date\"><time datetime=\"2024-11-20T17:52:46+02:00\">20 Novembro 2024<\/time><\/div><\/div>\n\n<\/li><li data-wp-key=\"post-template-item-1551\" class=\"wp-block-post post-1551 post type-post status-publish format-standard has-post-thumbnail hentry category-sem-categoria\">\n\n<div class=\"wp-block-group is-layout-flow wp-block-group-is-layout-flow\" style=\"padding-top:30px;padding-right:30px;padding-bottom:30px;padding-left:30px\"><h2 class=\"has-text-align-center wp-block-post-title\"><a href=\"https:\/\/www.carbonfarmhub.eu\/pt-pt\/1o-comunicado-de-imprensa-2\/\" target=\"_self\" >1\u00ba Comunicado de Imprensa<\/a><\/h2>\n\n<figure class=\"aligncenter wp-block-post-featured-image\"><img loading=\"lazy\" decoding=\"async\" width=\"1243\" height=\"700\" src=\"https:\/\/www.carbonfarmhub.eu\/wp-content\/uploads\/2024\/10\/2nd-annual-meeting-1.jpg\" class=\"attachment-post-thumbnail size-post-thumbnail wp-post-image\" alt=\"\" style=\"object-fit:cover;\" srcset=\"https:\/\/www.carbonfarmhub.eu\/wp-content\/uploads\/2024\/10\/2nd-annual-meeting-1.jpg 1243w, https:\/\/www.carbonfarmhub.eu\/wp-content\/uploads\/2024\/10\/2nd-annual-meeting-1-300x169.jpg 300w, https:\/\/www.carbonfarmhub.eu\/wp-content\/uploads\/2024\/10\/2nd-annual-meeting-1-1024x577.jpg 1024w, https:\/\/www.carbonfarmhub.eu\/wp-content\/uploads\/2024\/10\/2nd-annual-meeting-1-768x433.jpg 768w\" sizes=\"(max-width: 1243px) 100vw, 1243px\" \/><\/figure>\n\n<div class=\"has-text-align-center wp-block-post-excerpt\"><p class=\"wp-block-post-excerpt__excerpt\">COMUNICADO DE IMPRENSA Fevereiro 2024 CarboFarmHub, um projeto Erasmus+ que promove redes de conhecimento internacionais As altera\u00e7\u00f5es clim\u00e1ticas s\u00e3o um problema global que representa um risco significativo para o ambiente e para todas as formas&hellip;<\/p><p class=\"wp-block-post-excerpt__more-text\"><a class=\"wp-block-post-excerpt__more-link\" href=\"https:\/\/www.carbonfarmhub.eu\/pt-pt\/1o-comunicado-de-imprensa-2\/\">Ler mais&#8230;<\/a><\/p><\/div>\n\n<div style=\"font-style:italic;font-weight:300;\" class=\"has-text-align-center wp-block-post-date\"><time datetime=\"2024-10-29T11:40:47+02:00\">29 Outubro 2024<\/time><\/div><\/div>\n\n<\/li><li data-wp-key=\"post-template-item-781\" class=\"wp-block-post post-781 post type-post status-publish format-standard has-post-thumbnail hentry category-sem-categoria\">\n\n<div class=\"wp-block-group is-layout-flow wp-block-group-is-layout-flow\" style=\"padding-top:30px;padding-right:30px;padding-bottom:30px;padding-left:30px\"><h2 class=\"has-text-align-center wp-block-post-title\"><a href=\"https:\/\/www.carbonfarmhub.eu\/pt-pt\/2o-comunicado-de-imprensa\/\" target=\"_self\" >2\u00ba Comunicado de Imprensa<\/a><\/h2>\n\n<figure class=\"aligncenter wp-block-post-featured-image\"><img loading=\"lazy\" decoding=\"async\" width=\"1600\" height=\"1204\" src=\"https:\/\/www.carbonfarmhub.eu\/wp-content\/uploads\/2024\/02\/cfHUB_CONSORTIUM-PHOTO.jpeg\" class=\"attachment-post-thumbnail size-post-thumbnail wp-post-image\" alt=\"\" style=\"object-fit:cover;\" srcset=\"https:\/\/www.carbonfarmhub.eu\/wp-content\/uploads\/2024\/02\/cfHUB_CONSORTIUM-PHOTO.jpeg 1600w, https:\/\/www.carbonfarmhub.eu\/wp-content\/uploads\/2024\/02\/cfHUB_CONSORTIUM-PHOTO-300x226.jpeg 300w, https:\/\/www.carbonfarmhub.eu\/wp-content\/uploads\/2024\/02\/cfHUB_CONSORTIUM-PHOTO-1024x771.jpeg 1024w, https:\/\/www.carbonfarmhub.eu\/wp-content\/uploads\/2024\/02\/cfHUB_CONSORTIUM-PHOTO-768x578.jpeg 768w, https:\/\/www.carbonfarmhub.eu\/wp-content\/uploads\/2024\/02\/cfHUB_CONSORTIUM-PHOTO-1536x1156.jpeg 1536w\" sizes=\"(max-width: 1600px) 100vw, 1600px\" \/><\/figure>\n\n<div class=\"has-text-align-center wp-block-post-excerpt\"><p class=\"wp-block-post-excerpt__excerpt\">COMUNICADO DE IMPRENSA Outubro 2024 CarboFarmHub: Avan\u00e7ar com a Coopera\u00e7\u00e3o Internacional para uma Agricultura Sustent\u00e1vel O Carbon Farming Awareness Hub (CarboFarmHub) continua a sua miss\u00e3o de promover a agricultura sustent\u00e1vel e a agricultura de carbono&hellip;<\/p><p class=\"wp-block-post-excerpt__more-text\"><a class=\"wp-block-post-excerpt__more-link\" href=\"https:\/\/www.carbonfarmhub.eu\/pt-pt\/2o-comunicado-de-imprensa\/\">Ler mais&#8230;<\/a><\/p><\/div>\n\n<div style=\"font-style:italic;font-weight:300;\" class=\"has-text-align-center wp-block-post-date\"><time datetime=\"2024-10-29T11:32:14+02:00\">29 Outubro 2024<\/time><\/div><\/div>\n\n<\/li><li data-wp-key=\"post-template-item-799\" class=\"wp-block-post post-799 post type-post status-publish format-standard has-post-thumbnail hentry category-sem-categoria\">\n\n<div class=\"wp-block-group is-layout-flow wp-block-group-is-layout-flow\" style=\"padding-top:30px;padding-right:30px;padding-bottom:30px;padding-left:30px\"><h2 class=\"has-text-align-center wp-block-post-title\"><a href=\"https:\/\/www.carbonfarmhub.eu\/pt-pt\/novo-video-entrevista-com-elena-romanini-centoform\/\" target=\"_self\" >Novo v\u00eddeo: Entrevista com Elena Romanini (CENTOFORM)<\/a><\/h2>\n\n<figure class=\"aligncenter wp-block-post-featured-image\"><img loading=\"lazy\" decoding=\"async\" width=\"1080\" height=\"1080\" src=\"https:\/\/www.carbonfarmhub.eu\/wp-content\/uploads\/2024\/10\/Elena-Romanini.png\" class=\"attachment-post-thumbnail size-post-thumbnail wp-post-image\" alt=\"\" style=\"object-fit:cover;\" srcset=\"https:\/\/www.carbonfarmhub.eu\/wp-content\/uploads\/2024\/10\/Elena-Romanini.png 1080w, https:\/\/www.carbonfarmhub.eu\/wp-content\/uploads\/2024\/10\/Elena-Romanini-300x300.png 300w, https:\/\/www.carbonfarmhub.eu\/wp-content\/uploads\/2024\/10\/Elena-Romanini-1024x1024.png 1024w, https:\/\/www.carbonfarmhub.eu\/wp-content\/uploads\/2024\/10\/Elena-Romanini-150x150.png 150w, https:\/\/www.carbonfarmhub.eu\/wp-content\/uploads\/2024\/10\/Elena-Romanini-768x768.png 768w\" sizes=\"(max-width: 1080px) 100vw, 1080px\" \/><\/figure>\n\n<div class=\"has-text-align-center wp-block-post-excerpt\"><p class=\"wp-block-post-excerpt__excerpt\">Novo v\u00eddeo: Entrevista com Elena Romanini (CENTOFORM) Temos o prazer de vos apresentar um epis\u00f3dio perspicaz da nossa s\u00e9rie de entrevistas do Carbon Farming HUB! Neste v\u00eddeo, falamos com Elena Romanini, um membro-chave do CENTOFORM,&hellip;<\/p><p class=\"wp-block-post-excerpt__more-text\"><a class=\"wp-block-post-excerpt__more-link\" href=\"https:\/\/www.carbonfarmhub.eu\/pt-pt\/novo-video-entrevista-com-elena-romanini-centoform\/\">Ler mais&#8230;<\/a><\/p><\/div>\n\n<div style=\"font-style:italic;font-weight:300;\" class=\"has-text-align-center wp-block-post-date\"><time datetime=\"2024-10-17T08:10:04+02:00\">17 Outubro 2024<\/time><\/div><\/div>\n\n<\/li><li data-wp-key=\"post-template-item-785\" class=\"wp-block-post post-785 post type-post status-publish format-standard has-post-thumbnail hentry category-sem-categoria\">\n\n<div class=\"wp-block-group is-layout-flow wp-block-group-is-layout-flow\" style=\"padding-top:30px;padding-right:30px;padding-bottom:30px;padding-left:30px\"><h2 class=\"has-text-align-center wp-block-post-title\"><a href=\"https:\/\/www.carbonfarmhub.eu\/pt-pt\/feliz-dia-internacional-da-mulher-rural\/\" target=\"_self\" >Feliz Dia Internacional da Mulher Rural!<\/a><\/h2>\n\n<figure class=\"aligncenter wp-block-post-featured-image\"><img loading=\"lazy\" decoding=\"async\" width=\"1200\" height=\"800\" src=\"https:\/\/www.carbonfarmhub.eu\/wp-content\/uploads\/2024\/10\/women-role-in-carbon-farming.jpg\" class=\"attachment-post-thumbnail size-post-thumbnail wp-post-image\" alt=\"\" style=\"object-fit:cover;\" srcset=\"https:\/\/www.carbonfarmhub.eu\/wp-content\/uploads\/2024\/10\/women-role-in-carbon-farming.jpg 1200w, https:\/\/www.carbonfarmhub.eu\/wp-content\/uploads\/2024\/10\/women-role-in-carbon-farming-300x200.jpg 300w, https:\/\/www.carbonfarmhub.eu\/wp-content\/uploads\/2024\/10\/women-role-in-carbon-farming-1024x683.jpg 1024w, https:\/\/www.carbonfarmhub.eu\/wp-content\/uploads\/2024\/10\/women-role-in-carbon-farming-768x512.jpg 768w\" sizes=\"(max-width: 1200px) 100vw, 1200px\" \/><\/figure>\n\n<div class=\"has-text-align-center wp-block-post-excerpt\"><p class=\"wp-block-post-excerpt__excerpt\">Feliz Dia Internacional da Mulher Rural! Hoje, celebramos os contributos das mulheres das zonas rurais, que s\u00e3o a espinha dorsal das comunidades agr\u00edcolas e os principais motores do desenvolvimento sustent\u00e1vel. Desde a gest\u00e3o das explora\u00e7\u00f5es&hellip;<\/p><p class=\"wp-block-post-excerpt__more-text\"><a class=\"wp-block-post-excerpt__more-link\" href=\"https:\/\/www.carbonfarmhub.eu\/pt-pt\/feliz-dia-internacional-da-mulher-rural\/\">Ler mais&#8230;<\/a><\/p><\/div>\n\n<div style=\"font-style:italic;font-weight:300;\" class=\"has-text-align-center wp-block-post-date\"><time datetime=\"2024-10-15T08:03:13+02:00\">15 Outubro 2024<\/time><\/div><\/div>\n\n<\/li><li data-wp-key=\"post-template-item-787\" class=\"wp-block-post post-787 post type-post status-publish format-standard has-post-thumbnail hentry category-sem-categoria\">\n\n<div class=\"wp-block-group is-layout-flow wp-block-group-is-layout-flow\" style=\"padding-top:30px;padding-right:30px;padding-bottom:30px;padding-left:30px\"><h2 class=\"has-text-align-center wp-block-post-title\"><a href=\"https:\/\/www.carbonfarmhub.eu\/pt-pt\/folheto-do-projeto\/\" target=\"_self\" >Folheto do projeto<\/a><\/h2>\n\n<figure class=\"aligncenter wp-block-post-featured-image\"><img loading=\"lazy\" decoding=\"async\" width=\"257\" height=\"229\" src=\"https:\/\/www.carbonfarmhub.eu\/wp-content\/uploads\/2024\/01\/site-icon.png\" class=\"attachment-post-thumbnail size-post-thumbnail wp-post-image\" alt=\"\" style=\"object-fit:cover;\" \/><\/figure>\n\n<div class=\"has-text-align-center wp-block-post-excerpt\"><p class=\"wp-block-post-excerpt__excerpt\">Explorar o folheto do nosso projeto O cons\u00f3rcio do projeto Carbon Farming Awareness Hub (CarboFarmHub) tem o prazer de apresentar o folheto do projeto. Neste folheto de duas p\u00e1ginas, podem ser encontradas informa\u00e7\u00f5es sobre o&hellip;<\/p><p class=\"wp-block-post-excerpt__more-text\"><a class=\"wp-block-post-excerpt__more-link\" href=\"https:\/\/www.carbonfarmhub.eu\/pt-pt\/folheto-do-projeto\/\">Ler mais&#8230;<\/a><\/p><\/div>\n\n<div style=\"font-style:italic;font-weight:300;\" class=\"has-text-align-center wp-block-post-date\"><time datetime=\"2024-06-19T12:42:52+02:00\">19 Junho 2024<\/time><\/div><\/div>\n\n<\/li><li data-wp-key=\"post-template-item-795\" class=\"wp-block-post post-795 post type-post status-publish format-standard has-post-thumbnail hentry category-sem-categoria\">\n\n<div class=\"wp-block-group is-layout-flow wp-block-group-is-layout-flow\" style=\"padding-top:30px;padding-right:30px;padding-bottom:30px;padding-left:30px\"><h2 class=\"has-text-align-center wp-block-post-title\"><a href=\"https:\/\/www.carbonfarmhub.eu\/pt-pt\/1o-comunicado-de-imprensa\/\" target=\"_self\" >1\u00ba Comunicado de Imprensa<\/a><\/h2>\n\n<figure class=\"aligncenter wp-block-post-featured-image\"><img loading=\"lazy\" decoding=\"async\" width=\"1600\" height=\"1204\" src=\"https:\/\/www.carbonfarmhub.eu\/wp-content\/uploads\/2024\/02\/cfHUB_CONSORTIUM-PHOTO.jpeg\" class=\"attachment-post-thumbnail size-post-thumbnail wp-post-image\" alt=\"\" style=\"object-fit:cover;\" srcset=\"https:\/\/www.carbonfarmhub.eu\/wp-content\/uploads\/2024\/02\/cfHUB_CONSORTIUM-PHOTO.jpeg 1600w, https:\/\/www.carbonfarmhub.eu\/wp-content\/uploads\/2024\/02\/cfHUB_CONSORTIUM-PHOTO-300x226.jpeg 300w, https:\/\/www.carbonfarmhub.eu\/wp-content\/uploads\/2024\/02\/cfHUB_CONSORTIUM-PHOTO-1024x771.jpeg 1024w, https:\/\/www.carbonfarmhub.eu\/wp-content\/uploads\/2024\/02\/cfHUB_CONSORTIUM-PHOTO-768x578.jpeg 768w, https:\/\/www.carbonfarmhub.eu\/wp-content\/uploads\/2024\/02\/cfHUB_CONSORTIUM-PHOTO-1536x1156.jpeg 1536w\" sizes=\"(max-width: 1600px) 100vw, 1600px\" \/><\/figure>\n\n<div class=\"has-text-align-center wp-block-post-excerpt\"><p class=\"wp-block-post-excerpt__excerpt\">COMUNICADO DE IMPRENSA Fevereiro 2024 CarboFarmHub, um projeto Erasmus+ que promove redes de conhecimento internacionais As altera\u00e7\u00f5es clim\u00e1ticas s\u00e3o um problema global que representa um risco significativo para o ambiente e para todas as formas&hellip;<\/p><p class=\"wp-block-post-excerpt__more-text\"><a class=\"wp-block-post-excerpt__more-link\" href=\"https:\/\/www.carbonfarmhub.eu\/pt-pt\/1o-comunicado-de-imprensa\/\">Ler mais&#8230;<\/a><\/p><\/div>\n\n<div style=\"font-style:italic;font-weight:300;\" class=\"has-text-align-center wp-block-post-date\"><time datetime=\"2024-02-16T12:46:56+02:00\">16 Fevereiro 2024<\/time><\/div><\/div>\n\n<\/li><li data-wp-key=\"post-template-item-797\" class=\"wp-block-post post-797 post type-post status-publish format-standard has-post-thumbnail hentry category-sem-categoria\">\n\n<div class=\"wp-block-group is-layout-flow wp-block-group-is-layout-flow\" style=\"padding-top:30px;padding-right:30px;padding-bottom:30px;padding-left:30px\"><h2 class=\"has-text-align-center wp-block-post-title\"><a href=\"https:\/\/www.carbonfarmhub.eu\/pt-pt\/apresentacoes-do-workshop-sobre-carbon-farming\/\" target=\"_self\" >Apresenta\u00e7\u00f5es do Workshop sobre Carbon Farming<\/a><\/h2>\n\n<figure class=\"aligncenter wp-block-post-featured-image\"><img loading=\"lazy\" decoding=\"async\" width=\"1500\" height=\"1000\" src=\"https:\/\/www.carbonfarmhub.eu\/wp-content\/uploads\/2024\/02\/IMG_2234-11.jpg\" class=\"attachment-post-thumbnail size-post-thumbnail wp-post-image\" alt=\"\" style=\"object-fit:cover;\" srcset=\"https:\/\/www.carbonfarmhub.eu\/wp-content\/uploads\/2024\/02\/IMG_2234-11.jpg 1500w, https:\/\/www.carbonfarmhub.eu\/wp-content\/uploads\/2024\/02\/IMG_2234-11-300x200.jpg 300w, https:\/\/www.carbonfarmhub.eu\/wp-content\/uploads\/2024\/02\/IMG_2234-11-1024x683.jpg 1024w, https:\/\/www.carbonfarmhub.eu\/wp-content\/uploads\/2024\/02\/IMG_2234-11-768x512.jpg 768w\" sizes=\"(max-width: 1500px) 100vw, 1500px\" \/><\/figure>\n\n<div class=\"has-text-align-center wp-block-post-excerpt\"><p class=\"wp-block-post-excerpt__excerpt\">Carbon Farming 1\u00ba Workshop O 1\u00ba Workshop presencial teve lugar no dia 26 de janeiro (\u00e0s 09:30, hora da Gr\u00e9cia). Neste workshop, os participantes tiveram a oportunidade de aprender e discutir sobre os desafios da&hellip;<\/p><p class=\"wp-block-post-excerpt__more-text\"><a class=\"wp-block-post-excerpt__more-link\" href=\"https:\/\/www.carbonfarmhub.eu\/pt-pt\/apresentacoes-do-workshop-sobre-carbon-farming\/\">Ler mais&#8230;<\/a><\/p><\/div>\n\n<div style=\"font-style:italic;font-weight:300;\" class=\"has-text-align-center wp-block-post-date\"><time datetime=\"2024-02-16T12:09:32+02:00\">16 Fevereiro 2024<\/time><\/div><\/div>\n\n<\/li><\/ul>\n\n<nav class=\"wp-block-query-pagination is-content-justification-center is-layout-flex wp-container-core-query-pagination-is-layout-a89b3969 wp-block-query-pagination-is-layout-flex\" aria-label=\"Pagina\u00e7\u00e3o\">\n\n\n<div class=\"wp-block-query-pagination-numbers\"><span data-wp-key=\"index-0\" aria-current=\"page\" class=\"page-numbers current\">1<\/span>\n<a data-wp-key=\"index-1\" data-wp-on--click=\"core\/query::actions.navigate\" class=\"page-numbers\" href=\"?query-11-page=2\">2<\/a><\/div>\n\n<a data-wp-key=\"query-pagination-next\" data-wp-on--click=\"core\/query::actions.navigate\" data-wp-on-async--mouseenter=\"core\/query::actions.prefetch\" data-wp-watch=\"core\/query::callbacks.prefetch\" href=\"\/pt-pt\/wp-json\/wp\/v2\/pages\/801?query-11-page=2\" class=\"wp-block-query-pagination-next\">P\u00e1gina seguinte<span class='wp-block-query-pagination-next-arrow is-arrow-chevron' aria-hidden='true'>\u00bb<\/span><\/a>\n<\/nav><\/div>\n","protected":false},"excerpt":{"rendered":"","protected":false},"author":1,"featured_media":0,"parent":0,"menu_order":0,"comment_status":"closed","ping_status":"closed","template":"elementor_header_footer","meta":{"footnotes":""},"class_list":["post-801","page","type-page","status-publish","hentry"],"_links":{"self":[{"href":"https:\/\/www.carbonfarmhub.eu\/pt-pt\/wp-json\/wp\/v2\/pages\/801","targetHints":{"allow":["GET"]}}],"collection":[{"href":"https:\/\/www.carbonfarmhub.eu\/pt-pt\/wp-json\/wp\/v2\/pages"}],"about":[{"href":"https:\/\/www.carbonfarmhub.eu\/pt-pt\/wp-json\/wp\/v2\/types\/page"}],"author":[{"embeddable":true,"href":"https:\/\/www.carbonfarmhub.eu\/pt-pt\/wp-json\/wp\/v2\/users\/1"}],"replies":[{"embeddable":true,"href":"https:\/\/www.carbonfarmhub.eu\/pt-pt\/wp-json\/wp\/v2\/comments?post=801"}],"version-history":[{"count":0,"href":"https:\/\/www.carbonfarmhub.eu\/pt-pt\/wp-json\/wp\/v2\/pages\/801\/revisions"}],"wp:attachment":[{"href":"https:\/\/www.carbonfarmhub.eu\/pt-pt\/wp-json\/wp\/v2\/media?parent=801"}],"curies":[{"name":"wp","href":"https:\/\/api.w.org\/{rel}","templated":true}]}}